{"id":3473,"date":"2023-10-16T18:09:43","date_gmt":"2023-10-16T18:09:43","guid":{"rendered":"https:\/\/bellasartes.edu.py\/?page_id=3473"},"modified":"2023-10-16T18:57:59","modified_gmt":"2023-10-16T18:57:59","slug":"matriculados-2023","status":"publish","type":"page","link":"https:\/\/bellasartes.edu.py\/index.php\/matriculados-2023\/","title":{"rendered":"Matriculados 2023"},"content":{"rendered":"\n<p><strong>Aportando al desarrollo de la Educaci\u00f3n desde el Arte y la Cultura<\/strong><\/p>\n\n\n\n<p><strong>INSTITUTO SUPERIOR DE BELLAS ARTES (ISBA)<\/strong><\/p>\n\n\n\n<p>Desde 1957, el Instituto Superior de Bellas Artes (ISBA), busca promover la educaci\u00f3n de todas las artes y sus tecnolog\u00edas, aportando al patrimonio cultural nacional y a la est\u00e9tica del arte universal. Durante el ejercicio fiscal 2023 se encuentra proveyendo servicios de formaci\u00f3n en educaci\u00f3n para el arte&nbsp; y tecnolog\u00eda en cinco carreras, cuyas clases se desarrollan de manera semestral.<\/p>\n\n\n\n<p>En el a\u00f1o 2022, el ISBA cont\u00f3 con el egreso de 55 estudiantes&nbsp; de las carreras de Artes Visuales, Artes Pl\u00e1sticas, M\u00fasica, Dise\u00f1o Gr\u00e1fico, Danza y Teatro, mientras que 711 estudiantes cursaron sus estudios distribuidos en las diferentes licenciaturas, la escuela de danza y los diferentes talleres impartidos por la Instituci\u00f3n.<\/p>\n\n\n\n<p>Durante la gesti\u00f3n 2018-2023, egresaron un total de 215 alumnos de las diferentes&nbsp; carreras. Por otro lado, particip\u00f3 en el dise\u00f1o de l\u00edneas de investigaci\u00f3n, conforme a los objetivos misionales de la formaci\u00f3n de profesionales en las artes y sus tecnolog\u00edas, as\u00ed como public\u00f3 una revista cient\u00edfica y se encarg\u00f3 de liderar la implementaci\u00f3n de proyectos de extensi\u00f3n comunitaria para la promoci\u00f3n del arte y sus tecnolog\u00edas en los diversos espacios sociales con educaci\u00f3n inclusiva en el arte.<\/p>\n\n\n\n<p>En lo que respecta al primer semestre del a\u00f1o 2023, ha prove\u00eddo servicios educativos a la siguiente cantidad de matriculados:<\/p>\n\n\n\n<figure class=\"wp-block-table\"><table><tbody><tr><td>RESUMEN POR CARRERA<\/td><td>CANTIDAD TOTAL<\/td><\/tr><tr><td>Dise\u00f1o Gr\u00e1fico<\/td><td>185<\/td><\/tr><tr><td>Artes Visuales<\/td><td>110<\/td><\/tr><tr><td>M\u00fasica<\/td><td>77<\/td><\/tr><tr><td>Danza<\/td><td>37<\/td><\/tr><tr><td>Teatro&nbsp;<\/td><td>19<\/td><\/tr><tr><td>Tecnicatura<\/td><td>1<\/td><\/tr><tr><td>Artes Pl\u00e1sticas<\/td><td>2<\/td><\/tr><tr><td>Tesis<\/td><td>59<\/td><\/tr><tr><td>CEDARTS<\/td><td>180<\/td><\/tr><tr><td><strong>Total Matriculados<\/strong><\/td><td>670<\/td><\/tr><\/tbody><\/table><\/figure>\n\n\n\n<figure class=\"wp-block-image aligncenter size-large is-resized\"><img loading=\"lazy\" decoding=\"async\" width=\"1024\" height=\"1024\" src=\"http:\/\/bellasartes.edu.py\/wp-content\/uploads\/2023\/10\/IMG_20230428_093625_172-1024x1024.webp\" alt=\"\" class=\"wp-image-3485\" style=\"aspect-ratio:1;width:664px;height:auto\" srcset=\"https:\/\/bellasartes.edu.py\/wp-content\/uploads\/2023\/10\/IMG_20230428_093625_172-1024x1024.webp 1024w, https:\/\/bellasartes.edu.py\/wp-content\/uploads\/2023\/10\/IMG_20230428_093625_172-300x300.webp 300w, https:\/\/bellasartes.edu.py\/wp-content\/uploads\/2023\/10\/IMG_20230428_093625_172-100x100.webp 100w, https:\/\/bellasartes.edu.py\/wp-content\/uploads\/2023\/10\/IMG_20230428_093625_172-600x600.webp 600w, https:\/\/bellasartes.edu.py\/wp-content\/uploads\/2023\/10\/IMG_20230428_093625_172-150x150.webp 150w, https:\/\/bellasartes.edu.py\/wp-content\/uploads\/2023\/10\/IMG_20230428_093625_172-768x768.webp 768w, https:\/\/bellasartes.edu.py\/wp-content\/uploads\/2023\/10\/IMG_20230428_093625_172-45x45.webp 45w, https:\/\/bellasartes.edu.py\/wp-content\/uploads\/2023\/10\/IMG_20230428_093625_172.webp 1080w\" sizes=\"auto, (max-width: 1024px) 100vw, 1024px\" \/><\/figure>\n","protected":false},"excerpt":{"rendered":"<p>Aportando al desarrollo de la Educaci\u00f3n desde el Arte y la Cultura INSTITUTO SUPERIOR DE BELLAS ARTES (ISBA) Desde 1957, el Instituto Superior de Bellas Artes (ISBA), busca promover la educaci\u00f3n de todas las artes y sus tecnolog\u00edas, aportando al patrimonio cultural nacional y a la est\u00e9tica del arte universal. Durante el ejercicio fiscal 2023 [&hellip;]<\/p>\n","protected":false},"author":3,"featured_media":0,"parent":0,"menu_order":0,"comment_status":"closed","ping_status":"closed","template":"","meta":{"_et_pb_use_builder":"","_et_pb_old_content":"","_et_gb_content_width":"","inline_featured_image":false,"footnotes":""},"class_list":["post-3473","page","type-page","status-publish","hentry"],"yoast_head":"<!-- This site is optimized with the Yoast SEO plugin v27.5 - https:\/\/yoast.com\/product\/yoast-seo-wordpress\/ -->\n<title>Matriculados 2023 - Instituto Superior de Bellas Artes<\/title>\n<meta name=\"robots\" content=\"index, follow, max-snippet:-1, max-image-preview:large, max-video-preview:-1\" \/>\n<link rel=\"canonical\" href=\"https:\/\/bellasartes.edu.py\/index.php\/matriculados-2023\/\" \/>\n<meta property=\"og:locale\" content=\"es_ES\" \/>\n<meta property=\"og:type\" content=\"article\" \/>\n<meta property=\"og:title\" content=\"Matriculados 2023 - Instituto Superior de Bellas Artes\" \/>\n<meta property=\"og:description\" content=\"Aportando al desarrollo de la Educaci\u00f3n desde el Arte y la Cultura INSTITUTO SUPERIOR DE BELLAS ARTES (ISBA) Desde 1957, el Instituto Superior de Bellas Artes (ISBA), busca promover la educaci\u00f3n de todas las artes y sus tecnolog\u00edas, aportando al patrimonio cultural nacional y a la est\u00e9tica del arte universal. Durante el ejercicio fiscal 2023 [&hellip;]\" \/>\n<meta property=\"og:url\" content=\"https:\/\/bellasartes.edu.py\/index.php\/matriculados-2023\/\" \/>\n<meta property=\"og:site_name\" content=\"Instituto Superior de Bellas Artes\" \/>\n<meta property=\"article:publisher\" content=\"https:\/\/www.facebook.com\/isbaoficial\" \/>\n<meta property=\"article:modified_time\" content=\"2023-10-16T18:57:59+00:00\" \/>\n<meta property=\"og:image\" content=\"http:\/\/bellasartes.edu.py\/wp-content\/uploads\/2023\/10\/IMG_20230428_093625_172-1024x1024.webp\" \/>\n<meta name=\"twitter:card\" content=\"summary_large_image\" \/>\n<meta name=\"twitter:label1\" content=\"Tiempo de lectura\" \/>\n\t<meta name=\"twitter:data1\" content=\"1 minuto\" \/>\n<script type=\"application\/ld+json\" class=\"yoast-schema-graph\">{\"@context\":\"https:\\\/\\\/schema.org\",\"@graph\":[{\"@type\":\"WebPage\",\"@id\":\"https:\\\/\\\/bellasartes.edu.py\\\/index.php\\\/matriculados-2023\\\/\",\"url\":\"https:\\\/\\\/bellasartes.edu.py\\\/index.php\\\/matriculados-2023\\\/\",\"name\":\"Matriculados 2023 - Instituto Superior de Bellas Artes\",\"isPartOf\":{\"@id\":\"https:\\\/\\\/bellasartes.edu.py\\\/#website\"},\"primaryImageOfPage\":{\"@id\":\"https:\\\/\\\/bellasartes.edu.py\\\/index.php\\\/matriculados-2023\\\/#primaryimage\"},\"image\":{\"@id\":\"https:\\\/\\\/bellasartes.edu.py\\\/index.php\\\/matriculados-2023\\\/#primaryimage\"},\"thumbnailUrl\":\"http:\\\/\\\/bellasartes.edu.py\\\/wp-content\\\/uploads\\\/2023\\\/10\\\/IMG_20230428_093625_172-1024x1024.webp\",\"datePublished\":\"2023-10-16T18:09:43+00:00\",\"dateModified\":\"2023-10-16T18:57:59+00:00\",\"breadcrumb\":{\"@id\":\"https:\\\/\\\/bellasartes.edu.py\\\/index.php\\\/matriculados-2023\\\/#breadcrumb\"},\"inLanguage\":\"es\",\"potentialAction\":[{\"@type\":\"ReadAction\",\"target\":[\"https:\\\/\\\/bellasartes.edu.py\\\/index.php\\\/matriculados-2023\\\/\"]}]},{\"@type\":\"ImageObject\",\"inLanguage\":\"es\",\"@id\":\"https:\\\/\\\/bellasartes.edu.py\\\/index.php\\\/matriculados-2023\\\/#primaryimage\",\"url\":\"https:\\\/\\\/bellasartes.edu.py\\\/wp-content\\\/uploads\\\/2023\\\/10\\\/IMG_20230428_093625_172.webp\",\"contentUrl\":\"https:\\\/\\\/bellasartes.edu.py\\\/wp-content\\\/uploads\\\/2023\\\/10\\\/IMG_20230428_093625_172.webp\",\"width\":1080,\"height\":1080},{\"@type\":\"BreadcrumbList\",\"@id\":\"https:\\\/\\\/bellasartes.edu.py\\\/index.php\\\/matriculados-2023\\\/#breadcrumb\",\"itemListElement\":[{\"@type\":\"ListItem\",\"position\":1,\"name\":\"Home\",\"item\":\"https:\\\/\\\/bellasartes.edu.py\\\/\"},{\"@type\":\"ListItem\",\"position\":2,\"name\":\"Matriculados 2023\"}]},{\"@type\":\"WebSite\",\"@id\":\"https:\\\/\\\/bellasartes.edu.py\\\/#website\",\"url\":\"https:\\\/\\\/bellasartes.edu.py\\\/\",\"name\":\"Instituto Superior de Bellas Artes\",\"description\":\"\",\"publisher\":{\"@id\":\"https:\\\/\\\/bellasartes.edu.py\\\/#organization\"},\"potentialAction\":[{\"@type\":\"SearchAction\",\"target\":{\"@type\":\"EntryPoint\",\"urlTemplate\":\"https:\\\/\\\/bellasartes.edu.py\\\/?s={search_term_string}\"},\"query-input\":{\"@type\":\"PropertyValueSpecification\",\"valueRequired\":true,\"valueName\":\"search_term_string\"}}],\"inLanguage\":\"es\"},{\"@type\":\"Organization\",\"@id\":\"https:\\\/\\\/bellasartes.edu.py\\\/#organization\",\"name\":\"Instituto Superior de Bellas Artes\",\"url\":\"https:\\\/\\\/bellasartes.edu.py\\\/\",\"logo\":{\"@type\":\"ImageObject\",\"inLanguage\":\"es\",\"@id\":\"https:\\\/\\\/bellasartes.edu.py\\\/#\\\/schema\\\/logo\\\/image\\\/\",\"url\":\"https:\\\/\\\/bellasartes.edu.py\\\/wp-content\\\/uploads\\\/2024\\\/03\\\/cropped-imagenes-y-logos_Mesa-de-trabajo-1.png\",\"contentUrl\":\"https:\\\/\\\/bellasartes.edu.py\\\/wp-content\\\/uploads\\\/2024\\\/03\\\/cropped-imagenes-y-logos_Mesa-de-trabajo-1.png\",\"width\":512,\"height\":512,\"caption\":\"Instituto Superior de Bellas Artes\"},\"image\":{\"@id\":\"https:\\\/\\\/bellasartes.edu.py\\\/#\\\/schema\\\/logo\\\/image\\\/\"},\"sameAs\":[\"https:\\\/\\\/www.facebook.com\\\/isbaoficial\",\"https:\\\/\\\/www.instagram.com\\\/bellasartes.py\\\/\",\"https:\\\/\\\/www.linkedin.com\\\/school\\\/74351323\\\/admin\\\/feed\\\/posts\\\/\"]}]}<\/script>\n<!-- \/ Yoast SEO plugin. -->","yoast_head_json":{"title":"Matriculados 2023 - Instituto Superior de Bellas Artes","robots":{"index":"index","follow":"follow","max-snippet":"max-snippet:-1","max-image-preview":"max-image-preview:large","max-video-preview":"max-video-preview:-1"},"canonical":"https:\/\/bellasartes.edu.py\/index.php\/matriculados-2023\/","og_locale":"es_ES","og_type":"article","og_title":"Matriculados 2023 - Instituto Superior de Bellas Artes","og_description":"Aportando al desarrollo de la Educaci\u00f3n desde el Arte y la Cultura INSTITUTO SUPERIOR DE BELLAS ARTES (ISBA) Desde 1957, el Instituto Superior de Bellas Artes (ISBA), busca promover la educaci\u00f3n de todas las artes y sus tecnolog\u00edas, aportando al patrimonio cultural nacional y a la est\u00e9tica del arte universal. Durante el ejercicio fiscal 2023 [&hellip;]","og_url":"https:\/\/bellasartes.edu.py\/index.php\/matriculados-2023\/","og_site_name":"Instituto Superior de Bellas Artes","article_publisher":"https:\/\/www.facebook.com\/isbaoficial","article_modified_time":"2023-10-16T18:57:59+00:00","og_image":[{"url":"http:\/\/bellasartes.edu.py\/wp-content\/uploads\/2023\/10\/IMG_20230428_093625_172-1024x1024.webp","type":"","width":"","height":""}],"twitter_card":"summary_large_image","twitter_misc":{"Tiempo de lectura":"1 minuto"},"schema":{"@context":"https:\/\/schema.org","@graph":[{"@type":"WebPage","@id":"https:\/\/bellasartes.edu.py\/index.php\/matriculados-2023\/","url":"https:\/\/bellasartes.edu.py\/index.php\/matriculados-2023\/","name":"Matriculados 2023 - Instituto Superior de Bellas Artes","isPartOf":{"@id":"https:\/\/bellasartes.edu.py\/#website"},"primaryImageOfPage":{"@id":"https:\/\/bellasartes.edu.py\/index.php\/matriculados-2023\/#primaryimage"},"image":{"@id":"https:\/\/bellasartes.edu.py\/index.php\/matriculados-2023\/#primaryimage"},"thumbnailUrl":"http:\/\/bellasartes.edu.py\/wp-content\/uploads\/2023\/10\/IMG_20230428_093625_172-1024x1024.webp","datePublished":"2023-10-16T18:09:43+00:00","dateModified":"2023-10-16T18:57:59+00:00","breadcrumb":{"@id":"https:\/\/bellasartes.edu.py\/index.php\/matriculados-2023\/#breadcrumb"},"inLanguage":"es","potentialAction":[{"@type":"ReadAction","target":["https:\/\/bellasartes.edu.py\/index.php\/matriculados-2023\/"]}]},{"@type":"ImageObject","inLanguage":"es","@id":"https:\/\/bellasartes.edu.py\/index.php\/matriculados-2023\/#primaryimage","url":"https:\/\/bellasartes.edu.py\/wp-content\/uploads\/2023\/10\/IMG_20230428_093625_172.webp","contentUrl":"https:\/\/bellasartes.edu.py\/wp-content\/uploads\/2023\/10\/IMG_20230428_093625_172.webp","width":1080,"height":1080},{"@type":"BreadcrumbList","@id":"https:\/\/bellasartes.edu.py\/index.php\/matriculados-2023\/#breadcrumb","itemListElement":[{"@type":"ListItem","position":1,"name":"Home","item":"https:\/\/bellasartes.edu.py\/"},{"@type":"ListItem","position":2,"name":"Matriculados 2023"}]},{"@type":"WebSite","@id":"https:\/\/bellasartes.edu.py\/#website","url":"https:\/\/bellasartes.edu.py\/","name":"Instituto Superior de Bellas Artes","description":"","publisher":{"@id":"https:\/\/bellasartes.edu.py\/#organization"},"potentialAction":[{"@type":"SearchAction","target":{"@type":"EntryPoint","urlTemplate":"https:\/\/bellasartes.edu.py\/?s={search_term_string}"},"query-input":{"@type":"PropertyValueSpecification","valueRequired":true,"valueName":"search_term_string"}}],"inLanguage":"es"},{"@type":"Organization","@id":"https:\/\/bellasartes.edu.py\/#organization","name":"Instituto Superior de Bellas Artes","url":"https:\/\/bellasartes.edu.py\/","logo":{"@type":"ImageObject","inLanguage":"es","@id":"https:\/\/bellasartes.edu.py\/#\/schema\/logo\/image\/","url":"https:\/\/bellasartes.edu.py\/wp-content\/uploads\/2024\/03\/cropped-imagenes-y-logos_Mesa-de-trabajo-1.png","contentUrl":"https:\/\/bellasartes.edu.py\/wp-content\/uploads\/2024\/03\/cropped-imagenes-y-logos_Mesa-de-trabajo-1.png","width":512,"height":512,"caption":"Instituto Superior de Bellas Artes"},"image":{"@id":"https:\/\/bellasartes.edu.py\/#\/schema\/logo\/image\/"},"sameAs":["https:\/\/www.facebook.com\/isbaoficial","https:\/\/www.instagram.com\/bellasartes.py\/","https:\/\/www.linkedin.com\/school\/74351323\/admin\/feed\/posts\/"]}]}},"jetpack_sharing_enabled":true,"_links":{"self":[{"href":"https:\/\/bellasartes.edu.py\/index.php\/wp-json\/wp\/v2\/pages\/3473","targetHints":{"allow":["GET"]}}],"collection":[{"href":"https:\/\/bellasartes.edu.py\/index.php\/wp-json\/wp\/v2\/pages"}],"about":[{"href":"https:\/\/bellasartes.edu.py\/index.php\/wp-json\/wp\/v2\/types\/page"}],"author":[{"embeddable":true,"href":"https:\/\/bellasartes.edu.py\/index.php\/wp-json\/wp\/v2\/users\/3"}],"replies":[{"embeddable":true,"href":"https:\/\/bellasartes.edu.py\/index.php\/wp-json\/wp\/v2\/comments?post=3473"}],"version-history":[{"count":2,"href":"https:\/\/bellasartes.edu.py\/index.php\/wp-json\/wp\/v2\/pages\/3473\/revisions"}],"predecessor-version":[{"id":3486,"href":"https:\/\/bellasartes.edu.py\/index.php\/wp-json\/wp\/v2\/pages\/3473\/revisions\/3486"}],"wp:attachment":[{"href":"https:\/\/bellasartes.edu.py\/index.php\/wp-json\/wp\/v2\/media?parent=3473"}],"curies":[{"name":"wp","href":"https:\/\/api.w.org\/{rel}","templated":true}]}}